{"id":69,"date":"2019-11-30T01:41:10","date_gmt":"2019-11-29T22:41:10","guid":{"rendered":"https:\/\/ligue-iteka.bi\/wordpress\/?page_id=69"},"modified":"2025-12-05T22:45:58","modified_gmt":"2025-12-05T21:45:58","slug":"rapport-thematique","status":"publish","type":"page","link":"https:\/\/ligue-iteka.bi\/index.php\/actualites\/rapport-thematique\/","title":{"rendered":"Rapports th\u00e9matiques et Enqu\u00eates"},"content":{"rendered":"<p><a href=\"https:\/\/ligue-iteka.bi\/wp-content\/uploads\/2025\/01\/EDITION-SPECIAL-PROCESSUS-PRE-ELECTORAL-2025.pdf\">EDITION SPECIALE SUR LE PROCESSUS PR\u00c9-\u00c9LECTORAL DE 2025 AU BURUNDI, <\/a><br \/>\nDECEMBRE 2024.<\/p>\n<p><a href=\"https:\/\/ligue-iteka.bi\/wp-content\/uploads\/2025\/01\/RAPPORT-DROITS-DE-LA-FEMME-ET-DE-L-ENFANT-2024.pdf\">RAPPORT THEMATIQUE SUR LES VIOLATIONS DES DROITS DE LA FEMME ET DE L\u2019ENFANT AU BURUNDI<\/a>, L\u2019AN 2024<\/p>\n<header class=\"entry-header\"><\/header>\n<div class=\"entry-content\">\n<p><a style=\"font-size: 15px; font-weight: 300;\" href=\"https:\/\/ligue-iteka.bi\/wp-content\/uploads\/2024\/09\/CONTRIBUTIONS_FORCEES_ELECTIONS_2025.pdf\">AUTORITARISME DU POUVOIR EN PLACE AU BURUNDI DES CONTRIBUTIONS ELECTORALES FORCEES QUI DIVISENT<\/a><\/p>\n<\/div>\n<p><a href=\"https:\/\/ligue-iteka.bi\/wp-content\/uploads\/2024\/06\/LES-DROITS-DE-L-OPPOSITION-ENTRAVES.pdf\">Processus \u00e9lectoral de 2025-2027 au Burundi : LES DROITS DE L\u2019OPPOSITION ENTRAV\u00c9S<\/a><\/p>\n<p><a href=\"https:\/\/ligue-iteka.bi\/wp-content\/uploads\/2023\/09\/Plaidoyer_Reinstallation_refugies_Burundais.pdf\">LA REINSTALLATION DES REFUGIES BURUNDAIS : UN BESOIN HUMANITAIRE VITAL<\/a><\/p>\n<h2 class=\"entry-title\"><a title=\"Permalien pour Rapport d\u2019enqu\u00eate sur les all\u00e9gations d\u2019expropriations ill\u00e9gales ou irr\u00e9guli\u00e8res au Burundi\" href=\"https:\/\/ligue-iteka.bi\/index.php\/2022\/07\/15\/rapport-denquete-sur-les-allegations-dexpropriations-illegales-ou-irregulieres-au-burundi\/\" rel=\"bookmark\">Rapport d\u2019enqu\u00eate sur les all\u00e9gations d\u2019expropriations ill\u00e9gales ou irr\u00e9guli\u00e8res au Burundi<\/a><\/h2>\n<p><a href=\"https:\/\/ligue-iteka.bi\/wp-content\/uploads\/2023\/09\/Trois_ans_au_pouvoir_gestion_des_quotas_ethnique_et_gestion_du_pouvoir_2023.pdf\">Trois ans au pouvoir : Comment le r\u00e9gie du Pr\u00e9sident Evariste Ndayishimiye g\u00e8re les quotas<br \/>\nethniques et le partage du pouvoir, \u00e9tablis par l\u2019Accord d\u2019Arusha, au sein des institutions publiques ?<\/a><\/p>\n<p><a href=\"https:\/\/ligue-iteka.bi\/wp-content\/uploads\/2023\/10\/Analyse_des_violations_droits_humains_dans_les_zones_d_exploitation_mini\u00e8re.pdf\">RAPPORT D\u2019ENQUETE SUR LA VIOLATION DES DROITS HUMAINS DANS LE CADRE DE L\u2019EXPLOITATION MINI\u00c8RE AU BURUNDI :\u00a0Les cas des provinces de Cibitoke, Bujumbura, Kayanza et Muyinga<\/a><\/p>\n<h2 class=\"entry-title\"><strong><a title=\"Permalien pour Rapport d\u2019enqu\u00eate sur les postes de responsabilit\u00e9s de juin2022\" href=\"https:\/\/ligue-iteka.bi\/index.php\/2022\/06\/19\/rapport-denquete-sur-les-postes-de-responsabilites-de-juin2022\/\" rel=\"bookmark\">Rapport d\u2019enqu\u00eate sur les postes de responsabilit\u00e9s de juin 2022<\/a><\/strong><\/h2>\n<h2 class=\"entry-title\"><strong><a title=\"Permalien pour Situation politico-ethnique dans les postes de responsabilit\u00e9 au sein de la pr\u00e9sidence de la R\u00e9publique, des minist\u00e8res et des entreprises para-\u00e9tatiques au Burundi, ann\u00e9e 2021\" href=\"https:\/\/ligue-iteka.bi\/index.php\/2021\/03\/26\/situation-politico-ethnique-dans-les-postes-de-responsabilite-au-sein-de-la-presidence-de-la-republique-des-ministeres-et-des-entreprises-para-etatiques-au-burundi-annee-2021\/\" rel=\"bookmark\">Situation politico-ethnique dans les postes de responsabilit\u00e9 au sein de la pr\u00e9sidence de la R\u00e9publique, des minist\u00e8res et des entreprises para-\u00e9tatiques au Burundi, ann\u00e9e 2021<\/a><\/strong><\/h2>\n<h2 class=\"entry-title\"><a title=\"Permalien pour Situation politico-ethnique dans les postes de responsabilit\u00e9\" href=\"https:\/\/ligue-iteka.bi\/index.php\/2021\/02\/10\/situation-politico-ethnique-dans-les-postes-de-responsabilite\/\" rel=\"bookmark\">Situation politico-ethnique dans les postes de responsabilit\u00e9<\/a><\/h2>\n<header class=\"entry-header\">\n<h1 class=\"entry-title\">Gouvernance<\/h1>\n<\/header>\n<div class=\"entry-content\">\n<p>Lancement du programme \u00ab\u00a0<em><strong>\u00a0KU GICANIRO<\/strong><\/em>\u00a0\u00a0\u00bb qui relaie les discours\u00a0 de certains cadres du gouvernement, fait le suivi de sa mise en oeuvre et organise des d\u00e9bats contradictoires.<\/p>\n<p><a href=\"https:\/\/ligue-iteka.bi\/wp-content\/uploads\/2020\/07\/Kugicaniro-mininter-juillet-2020.mp4\">Kugicaniro \u00a0\u00bb propos du ministre de l\u2019int\u00e9rieur, de la s\u00e9curit\u00e9 publique et du d\u00e9veloppement communautaire du 17 juillet 2020\u2033<\/a><\/p>\n<p><a href=\"https:\/\/ligue-iteka.bi\/wp-content\/uploads\/2021\/03\/Discours-du-Pr-Evariste-Ndayishimiye-du-5-2-2021.mp4\">Kugicaniro \u00a0\u00bb discours du Pr\u00e9sident de la R\u00e9publique du Burundi Evariste Ndayishimiye sur la justice lors de la f\u00eate de l\u2019unit\u00e9, en date du 5 f\u00e9vrier 2021\u2033<\/a><\/p>\n<\/div>\n","protected":false},"excerpt":{"rendered":"<p>EDITION SPECIALE SUR LE PROCESSUS PR\u00c9-\u00c9LECTORAL DE 2025 AU BURUNDI, DECEMBRE 2024. RAPPORT THEMATIQUE SUR LES VIOLATIONS DES DROITS DE LA FEMME ET DE L\u2019ENFANT AU BURUNDI, L\u2019AN 2024 AUTORITARISME DU POUVOIR EN PLACE AU BURUNDI DES CONTRIBUTIONS ELECTORALES FORCEES <a class=\"more-link\" href=\"https:\/\/ligue-iteka.bi\/index.php\/actualites\/rapport-thematique\/\">Continuer la lecture <span class=\"screen-reader-text\">  Rapports th\u00e9matiques et Enqu\u00eates<\/span><span class=\"meta-nav\">&rarr;<\/span><\/a><\/p>\n","protected":false},"author":1,"featured_media":0,"parent":104,"menu_order":0,"comment_status":"closed","ping_status":"closed","template":"","meta":{"om_disable_all_campaigns":false,"footnotes":""},"class_list":["post-69","page","type-page","status-publish","hentry"],"_links":{"self":[{"href":"https:\/\/ligue-iteka.bi\/index.php\/wp-json\/wp\/v2\/pages\/69","targetHints":{"allow":["GET"]}}],"collection":[{"href":"https:\/\/ligue-iteka.bi\/index.php\/wp-json\/wp\/v2\/pages"}],"about":[{"href":"https:\/\/ligue-iteka.bi\/index.php\/wp-json\/wp\/v2\/types\/page"}],"author":[{"embeddable":true,"href":"https:\/\/ligue-iteka.bi\/index.php\/wp-json\/wp\/v2\/users\/1"}],"replies":[{"embeddable":true,"href":"https:\/\/ligue-iteka.bi\/index.php\/wp-json\/wp\/v2\/comments?post=69"}],"version-history":[{"count":29,"href":"https:\/\/ligue-iteka.bi\/index.php\/wp-json\/wp\/v2\/pages\/69\/revisions"}],"predecessor-version":[{"id":8879,"href":"https:\/\/ligue-iteka.bi\/index.php\/wp-json\/wp\/v2\/pages\/69\/revisions\/8879"}],"up":[{"embeddable":true,"href":"https:\/\/ligue-iteka.bi\/index.php\/wp-json\/wp\/v2\/pages\/104"}],"wp:attachment":[{"href":"https:\/\/ligue-iteka.bi\/index.php\/wp-json\/wp\/v2\/media?parent=69"}],"curies":[{"name":"wp","href":"https:\/\/api.w.org\/{rel}","templated":true}]}}